{"version":"1.0","provider_name":"Gudhems gamla pr\u00e4stg\u00e5rd","provider_url":"https:\/\/blogg.atl.nu\/gudhems-gamla-prastgard","author_name":"Bettina Larsson","author_url":"https:\/\/blogg.atl.nu\/gudhems-gamla-prastgard\/author\/bettina\/","title":"Vi g\u00e5r i v\u00e4ntans tider! - Gudhems gamla pr\u00e4stg\u00e5rd","type":"rich","width":600,"height":338,"html":"<blockquote class=\"wp-embedded-content\" data-secret=\"6TqYNc3hjm\"><a href=\"https:\/\/blogg.atl.nu\/gudhems-gamla-prastgard\/2025\/05\/06\/vi-gar-i-vantans-tider\/\">Vi g\u00e5r i v\u00e4ntans tider!<\/a><\/blockquote><iframe sandbox=\"allow-scripts\" security=\"restricted\" src=\"https:\/\/blogg.atl.nu\/gudhems-gamla-prastgard\/2025\/05\/06\/vi-gar-i-vantans-tider\/embed\/#?secret=6TqYNc3hjm\" width=\"600\" height=\"338\" title=\"\u201dVi g\u00e5r i v\u00e4ntans tider!\u201d &ndash; Gudhems gamla pr\u00e4stg\u00e5rd\" data-secret=\"6TqYNc3hjm\" frameborder=\"0\" marginwidth=\"0\" marginheight=\"0\" scrolling=\"no\" class=\"wp-embedded-content\"><\/iframe><script type=\"text\/javascript\">\n\/*! This file is auto-generated *\/\n!function(c,l){\"use strict\";var e=!1,o=!1;if(l.querySelector)if(c.addEventListener)e=!0;if(c.wp=c.wp||{},c.wp.receiveEmbedMessage);else if(c.wp.receiveEmbedMessage=function(e){var t=e.data;if(!t);else if(!(t.secret||t.message||t.value));else if(\/[^a-zA-Z0-9]\/.test(t.secret));else{for(var r,s,a,i=l.querySelectorAll('iframe[data-secret=\"'+t.secret+'\"]'),n=l.querySelectorAll('blockquote[data-secret=\"'+t.secret+'\"]'),o=0;o<n.length;o++)n[o].style.display=\"none\";for(o=0;o<i.length;o++)if(r=i[o],e.source!==r.contentWindow);else{if(r.removeAttribute(\"style\"),\"height\"===t.message){if(1e3<(s=parseInt(t.value,10)))s=1e3;else if(~~s<200)s=200;r.height=s}if(\"link\"===t.message)if(s=l.createElement(\"a\"),a=l.createElement(\"a\"),s.href=r.getAttribute(\"src\"),a.href=t.value,a.host===s.host)if(l.activeElement===r)c.top.location.href=t.value}}},e)c.addEventListener(\"message\",c.wp.receiveEmbedMessage,!1),l.addEventListener(\"DOMContentLoaded\",t,!1),c.addEventListener(\"load\",t,!1);function t(){if(o);else{o=!0;for(var e,t,r,s=-1!==navigator.appVersion.indexOf(\"MSIE 10\"),a=!!navigator.userAgent.match(\/Trident.*rv:11\\.\/),i=l.querySelectorAll(\"iframe.wp-embedded-content\"),n=0;n<i.length;n++){if(!(r=(t=i[n]).getAttribute(\"data-secret\")))r=Math.random().toString(36).substr(2,10),t.src+=\"#?secret=\"+r,t.setAttribute(\"data-secret\",r);if(s||a)(e=t.cloneNode(!0)).removeAttribute(\"security\"),t.parentNode.replaceChild(e,t);t.contentWindow.postMessage({message:\"ready\",secret:r},\"*\")}}}}(window,document);\n<\/script>\n","thumbnail_url":"https:\/\/blogg.atl.nu\/gudhems-gamla-prastgard\/wp-content\/uploads\/sites\/44\/2025\/05\/IMG_0102-scaled.jpg","thumbnail_width":2560,"thumbnail_height":1707,"description":"H\u00e4r g\u00e5r vi i v\u00e4ntans tider och inget h\u00e4nder. Kossorna har g\u00e5tt 9 dagar \u00f6ver tiden nu fr\u00e5n ber\u00e4knat kalvningsdatum. Var ingen brunstig n\u00e4r vi sl\u00e4ppte p\u00e5 tjurarna? Det \u00e4r en himla tur vi har dr\u00e4ktighetsunders\u00f6kt dom. Annars hade man nog vart lite stressad vid det h\u00e4r laget.\u00a0 Hildur Men jag gissar p\u00e5 att Majlis..."}