{"version":"1.0","provider_name":"M\u00f6rteleks Fr\u00e4lseg\u00e5rd","provider_url":"https:\/\/blogg.atl.nu\/morteleks-fralsegard","author_name":"Viktoria Birgersson","author_url":"https:\/\/blogg.atl.nu\/morteleks-fralsegard\/author\/morteleks-fralsegard\/","title":"F\u00f6rsta sommarg\u00e4sterna p\u00e5 plats - M\u00f6rteleks Fr\u00e4lseg\u00e5rd","type":"rich","width":600,"height":338,"html":"<blockquote class=\"wp-embedded-content\" data-secret=\"sm2u4B221K\"><a href=\"https:\/\/blogg.atl.nu\/morteleks-fralsegard\/2022\/05\/02\/forsta-sommargasterna-pa-plats\/\">F\u00f6rsta sommarg\u00e4sterna p\u00e5 plats<\/a><\/blockquote><iframe sandbox=\"allow-scripts\" security=\"restricted\" src=\"https:\/\/blogg.atl.nu\/morteleks-fralsegard\/2022\/05\/02\/forsta-sommargasterna-pa-plats\/embed\/#?secret=sm2u4B221K\" width=\"600\" height=\"338\" title=\"\u201dF\u00f6rsta sommarg\u00e4sterna p\u00e5 plats\u201d &ndash; M\u00f6rteleks Fr\u00e4lseg\u00e5rd\" data-secret=\"sm2u4B221K\" frameborder=\"0\" marginwidth=\"0\" marginheight=\"0\" scrolling=\"no\" class=\"wp-embedded-content\"><\/iframe><script type=\"text\/javascript\">\n\/*! This file is auto-generated *\/\n!function(c,l){\"use strict\";var e=!1,o=!1;if(l.querySelector)if(c.addEventListener)e=!0;if(c.wp=c.wp||{},c.wp.receiveEmbedMessage);else if(c.wp.receiveEmbedMessage=function(e){var t=e.data;if(!t);else if(!(t.secret||t.message||t.value));else if(\/[^a-zA-Z0-9]\/.test(t.secret));else{for(var r,s,a,i=l.querySelectorAll('iframe[data-secret=\"'+t.secret+'\"]'),n=l.querySelectorAll('blockquote[data-secret=\"'+t.secret+'\"]'),o=0;o<n.length;o++)n[o].style.display=\"none\";for(o=0;o<i.length;o++)if(r=i[o],e.source!==r.contentWindow);else{if(r.removeAttribute(\"style\"),\"height\"===t.message){if(1e3<(s=parseInt(t.value,10)))s=1e3;else if(~~s<200)s=200;r.height=s}if(\"link\"===t.message)if(s=l.createElement(\"a\"),a=l.createElement(\"a\"),s.href=r.getAttribute(\"src\"),a.href=t.value,a.host===s.host)if(l.activeElement===r)c.top.location.href=t.value}}},e)c.addEventListener(\"message\",c.wp.receiveEmbedMessage,!1),l.addEventListener(\"DOMContentLoaded\",t,!1),c.addEventListener(\"load\",t,!1);function t(){if(o);else{o=!0;for(var e,t,r,s=-1!==navigator.appVersion.indexOf(\"MSIE 10\"),a=!!navigator.userAgent.match(\/Trident.*rv:11\\.\/),i=l.querySelectorAll(\"iframe.wp-embedded-content\"),n=0;n<i.length;n++){if(!(r=(t=i[n]).getAttribute(\"data-secret\")))r=Math.random().toString(36).substr(2,10),t.src+=\"#?secret=\"+r,t.setAttribute(\"data-secret\",r);if(s||a)(e=t.cloneNode(!0)).removeAttribute(\"security\"),t.parentNode.replaceChild(e,t);t.contentWindow.postMessage({message:\"ready\",secret:r},\"*\")}}}}(window,document);\n<\/script>\n","thumbnail_url":"https:\/\/blogg.atl.nu\/morteleks-fralsegard\/wp-content\/uploads\/sites\/43\/2022\/04\/263836E0-45C3-48C2-B0FC-888FC4821273.jpeg","thumbnail_width":1806,"thumbnail_height":1355,"description":"Nu har v\u00e5ra f\u00f6rsta sommarg\u00e4ster kommit p\u00e5 plats. Det \u00e4r Lasse och Helenas p\u00e4lsf\u00e5r fr\u00e5n Mada, s\u00e5 s\u00f6ta och s\u00e5 sociala. Perfekt att kunna ha utbyten p\u00e5 det h\u00e4r s\u00e4ttet. F\u00f6rsta f\u00e5ret\/lammet som kom hit var &#8221;Lilla B\u00e4&#8221; och det var 2003. Ett litet flasklamm som blev en riktig familjemedlem.\u00a0 Vilket betydde att han tyckte..."}