{"version":"1.0","provider_name":"Utbobloggen","provider_url":"https:\/\/blogg.atl.nu\/utbobloggen","author_name":"Per Hulteng\u00e5rd","author_url":"https:\/\/blogg.atl.nu\/utbobloggen\/author\/phultengard\/","title":"\u00c4ntligen en landsbygdsminister! - Utbobloggen","type":"rich","width":600,"height":338,"html":"<blockquote class=\"wp-embedded-content\" data-secret=\"gSwUxJC6xh\"><a href=\"https:\/\/blogg.atl.nu\/utbobloggen\/2021\/11\/30\/antligen-en-landsbygdsminister\/\">\u00c4ntligen en landsbygdsminister!<\/a><\/blockquote><iframe sandbox=\"allow-scripts\" security=\"restricted\" src=\"https:\/\/blogg.atl.nu\/utbobloggen\/2021\/11\/30\/antligen-en-landsbygdsminister\/embed\/#?secret=gSwUxJC6xh\" width=\"600\" height=\"338\" title=\"\u201d\u00c4ntligen en landsbygdsminister!\u201d &ndash; Utbobloggen\" data-secret=\"gSwUxJC6xh\" frameborder=\"0\" marginwidth=\"0\" marginheight=\"0\" scrolling=\"no\" class=\"wp-embedded-content\"><\/iframe><script type=\"text\/javascript\">\n\/*! This file is auto-generated *\/\n!function(c,l){\"use strict\";var e=!1,o=!1;if(l.querySelector)if(c.addEventListener)e=!0;if(c.wp=c.wp||{},c.wp.receiveEmbedMessage);else if(c.wp.receiveEmbedMessage=function(e){var t=e.data;if(!t);else if(!(t.secret||t.message||t.value));else if(\/[^a-zA-Z0-9]\/.test(t.secret));else{for(var r,s,a,i=l.querySelectorAll('iframe[data-secret=\"'+t.secret+'\"]'),n=l.querySelectorAll('blockquote[data-secret=\"'+t.secret+'\"]'),o=0;o<n.length;o++)n[o].style.display=\"none\";for(o=0;o<i.length;o++)if(r=i[o],e.source!==r.contentWindow);else{if(r.removeAttribute(\"style\"),\"height\"===t.message){if(1e3<(s=parseInt(t.value,10)))s=1e3;else if(~~s<200)s=200;r.height=s}if(\"link\"===t.message)if(s=l.createElement(\"a\"),a=l.createElement(\"a\"),s.href=r.getAttribute(\"src\"),a.href=t.value,a.host===s.host)if(l.activeElement===r)c.top.location.href=t.value}}},e)c.addEventListener(\"message\",c.wp.receiveEmbedMessage,!1),l.addEventListener(\"DOMContentLoaded\",t,!1),c.addEventListener(\"load\",t,!1);function t(){if(o);else{o=!0;for(var e,t,r,s=-1!==navigator.appVersion.indexOf(\"MSIE 10\"),a=!!navigator.userAgent.match(\/Trident.*rv:11\\.\/),i=l.querySelectorAll(\"iframe.wp-embedded-content\"),n=0;n<i.length;n++){if(!(r=(t=i[n]).getAttribute(\"data-secret\")))r=Math.random().toString(36).substr(2,10),t.src+=\"#?secret=\"+r,t.setAttribute(\"data-secret\",r);if(s||a)(e=t.cloneNode(!0)).removeAttribute(\"security\"),t.parentNode.replaceChild(e,t);t.contentWindow.postMessage({message:\"ready\",secret:r},\"*\")}}}}(window,document);\n<\/script>\n","description":"Jamen, s\u00e5 fick vi d\u00e5 till sist en landsbygdsminister! Anna-Caren S\u00e4therberg! Som ska vara just landsbygdsminister och inte bara ha det som n\u00e5gon sorts bisyssla ihop med en massa andra uppdrag! Jag hade \u2013 liksom merparten av alla som kommenterat \u2013 inte h\u00f6rt talas om Anna-Caren S\u00e4therberg, men noterar dels att hon kommer fr\u00e5n J\u00e4mtland...","thumbnail_url":"https:\/\/blogg.atl.nu\/utbobloggen\/wp-content\/uploads\/sites\/39\/2021\/11\/unnamed-7-300x225.jpg"}